{"id":805,"date":"2023-12-14T09:22:57","date_gmt":"2023-12-14T08:22:57","guid":{"rendered":"podlove-2023-12-14t07:05:49+00:00-5086ff4eb5315cc"},"modified":"2023-12-14T10:22:38","modified_gmt":"2023-12-14T09:22:38","slug":"fht-40-warum-wir-naturschutzfachkraefte-brauchen","status":"publish","type":"podcast","link":"https:\/\/podcast.fh-kaernten.at\/fhtalk\/fht-40-warum-wir-naturschutzfachkraefte-brauchen\/","title":{"rendered":"FHT 40 &#8211; Warum wir Naturschutzfachkr\u00e4fte brauchen"},"content":{"rendered":"\n<p><a href=\"https:\/\/www.fh-kaernten.at\/weiterbildung\/bauingenieurwesen-architektur\/naturschutzfachkraft\">Naturschutzfachkraft <\/a>ist ein Zertifikatslehrgang an der FH K\u00e4rnten. Elisabeth Wiegele ist wissenschaftliche Mitarbeiterin am Lehrgang und erz\u00e4hlt im Podcast, was Baustellen mit Naturschutz zu tun haben, was die Inhalte des Lehrgangs sind, wer daf\u00fcr geeignet ist und was eine goldene Unke damit zu tun hat.<\/p>\n\n\n\n<p>Diese Podcast-Folge wurde auf Video aufgenommen. <a href=\"https:\/\/www.youtube.com\/watch?v=iyRNPkTBayk\">Video ansehen<\/a><\/p>\n\n\t\t\n            <div class=\"podlove-web-player intrinsic-ignore podlove-web-player-loading\" id=\"player-69f7161981284\"><root data-test=\"player--xl\" style=\"max-width:950px;min-width:260px;\">\n  <div class=\"tablet:px-6 tablet:pt-6 mobile:px-4 mobile:pt-4 flex flex-col\">\n    <div class=\"flex-col items-center mobile:flex tablet:hidden\">\n      <show-title class=\"text-sm\"><\/show-title>\n      <episode-title class=\"text-base mb-2\"><\/episode-title>\n      <subscribe-button class=\"mb-4 mobile:flex tablet:hidden\"><\/subscribe-button>\n      <poster class=\"rounded-sm w-48 shadow overflow-hidden\"><\/poster>\n      <divider class=\"w-full my-6\"><\/divider>\n    <\/div>\n\n    <div class=\"tablet:flex flex-grow\">\n      <div class=\"w-64 mobile:hidden tablet:block tablet:mr-6\">\n        <poster class=\"rounded-sm shadow overflow-hidden\"><\/poster>\n      <\/div>\n      <div class=\"w-full\">\n        <div class=\"hidden tablet:block\">\n          <show-title class=\"text-base\"><\/show-title>\n          <episode-title class=\"text-xl desktop:text-2xl\"><\/episode-title>\n          <divider class=\"w-full my-4\"><\/divider>\n        <\/div>\n        <div class=\"flex items-center justify-between\">\n          <div class=\"block\">\n            <play-state on=\"active\">\n              <speed-control class=\"flex items-center\"><\/speed-control>\n            <\/play-state>\n          <\/div>\n\n          <div class=\"flex\">\n            <play-state on=\"active\">\n              <chapter-previous class=\"mx-2 block\"><\/chapter-previous>\n            <\/play-state>\n            <play-state on=\"active\">\n              <step-backward class=\"mx-2 block\"><\/step-backward>\n            <\/play-state>\n\n            <play-button class=\"mx-2 block\" :label=\"$t('PLAYER.PLAY_EPISODE')\"><\/play-button>\n\n            <play-state on=\"active\">\n              <step-forward class=\"mx-2 block\"><\/step-forward>\n            <\/play-state>\n            <play-state on=\"active\">\n              <chapter-next class=\"mx-2 block\"><\/chapter-next>\n            <\/play-state>\n          <\/div>\n\n          <div class=\"block\">\n            <play-state on=\"active\">\n              <volume-control class=\"flex items-center\"><\/volume-control>\n            <\/play-state>\n          <\/div>\n        <\/div>\n        <div class=\"flex w-full\">\n          <progress-bar><\/progress-bar>\n        <\/div>\n        <div class=\"flex w-full -mt-2\">\n          <div class=\"w-3\/12 text-left\">\n            <timer-current class=\"text-sm\"><\/timer-current>\n          <\/div>\n          <div class=\"w-6\/12 text-center truncate\">\n            <play-state on=\"active\">\n              <current-chapter class=\"text-sm\"><\/current-chapter>\n            <\/play-state>\n          <\/div>\n          <div class=\"w-3\/12 text-right\">\n            <timer-duration class=\"text-sm\"><\/timer-duration>\n          <\/div>\n        <\/div>\n      <\/div>\n    <\/div>\n    <divider class=\"w-full mt-6 mb-3\"><\/divider>\n    <div class=\"flex justify-between\">\n      <div class=\"flex mobile:w-full tablet:w-3\/12 desktop:w-3\/12 justify-between\">\n        <tab-trigger tab=\"chapters\">\n          <icon type=\"chapter\"><\/icon>\n        <\/tab-trigger>\n        <tab-trigger tab=\"transcripts\">\n          <icon type=\"transcripts\"><\/icon>\n        <\/tab-trigger>\n        <tab-trigger tab=\"files\">\n          <icon type=\"download\"><\/icon>\n        <\/tab-trigger>\n        <tab-trigger tab=\"playlist\">\n          <icon type=\"playlist\"><\/icon>\n        <\/tab-trigger>\n        <tab-trigger tab=\"share\">\n          <icon type=\"share\"><\/icon>\n        <\/tab-trigger>\n      <\/div>\n      <subscribe-button class=\"mt-1 mobile:hidden tablet:flex\"><\/subscribe-button>\n    <\/div>\n  <\/div>\n  <div class=\"w-full relative overflow-hidden\">\n    <tab name=\"chapters\">\n      <tab-chapters><\/tab-chapters>\n    <\/tab>\n    <tab name=\"transcripts\">\n      <tab-transcripts><\/tab-transcripts>\n    <\/tab>\n    <tab name=\"files\">\n      <tab-files><\/tab-files>\n    <\/tab>\n    <tab name=\"playlist\">\n      <tab-playlist><\/tab-playlist>\n    <\/tab>\n    <tab name=\"share\">\n      <tab-share><\/tab-share>\n    <\/tab>\n    <tab-overflow><\/tab-overflow>\n  <\/div>\n  <error><\/error>\n<\/root>\n<\/div>\n            <script>\n              document.addEventListener(\"DOMContentLoaded\", function() {\n                var player = document.getElementById(\"player-69f7161981284\");\n                podlovePlayerCache.add([{\"url\":\"https:\\\/\\\/podcast.fh-kaernten.at\\\/fhtalk\\\/wp-json\\\/podlove-web-player\\\/shortcode\\\/publisher\\\/805\",\"data\":{\"version\":5,\"show\":{\"title\":\"FH Talk\",\"subtitle\":\"Ein Podcast der FH K\\u00e4rnten\",\"summary\":\"In der Reihe \\u201eFH Talk\\u201c h\\u00f6ren Sie interessante Gespr\\u00e4che mit Mitarbeiter*innen der Fachhochschule K\\u00e4rnten, die einen breiten thematischen Bogen spannen und Einblicke in das Arbeitsleben an der FH geben - kompakt zusammengefasst in maximal 30 Minuten.\",\"poster\":\"https:\\\/\\\/podcast.fh-kaernten.at\\\/fhtalk\\\/podlove\\\/image\\\/68747470733a2f2f706f64636173742e66682d6b6165726e74656e2e61742f666874616c6b2f77702d636f6e74656e742f75706c6f6164732f73697465732f322f456c656d656e742d32372d312e706e67\\\/500\\\/0\\\/0\\\/fh-talk\",\"link\":\"https:\\\/\\\/podcast.fh-kaernten.at\\\/fhtalk\"},\"title\":\"FHT 40 - Warum wir Naturschutzfachkr\\u00e4fte brauchen\",\"subtitle\":\"\",\"summary\":\"Naturschutzfachkraft ist ein berufsbegleitender Lehrgang an der FH K\\u00e4rnten. Im Podcast geht Elisabeth Wiegele auf die spannenden Inhalte ein.\",\"publicationDate\":\"2023-12-14T09:22:57+01:00\",\"duration\":\"00:28:40.104\",\"poster\":\"https:\\\/\\\/podcast.fh-kaernten.at\\\/fhtalk\\\/podlove\\\/image\\\/68747470733a2f2f706f64636173742e66682d6b6165726e74656e2e61742f666874616c6b2f77702d636f6e74656e742f75706c6f6164732f73697465732f322f54424e5f4e6174757273636875747a666163686b726166742e6a7067\\\/500\\\/0\\\/0\\\/fht-40-warum-wir-naturschutzfachkraefte-brauchen\",\"link\":\"https:\\\/\\\/podcast.fh-kaernten.at\\\/fhtalk\\\/fht-40-warum-wir-naturschutzfachkraefte-brauchen\\\/\",\"chapters\":[{\"start\":\"00:00:00.000\",\"title\":\"Intro&Begr\\u00fc\\u00dfung\",\"href\":\"\",\"image\":\"\"},{\"start\":\"00:01:12.000\",\"title\":\"Entstehung und Einblick Zertifikatslehrgang Naturschutzfachkraft\",\"href\":\"https:\\\/\\\/www.fh-kaernten.at\\\/weiterbildung\\\/bauingenieurwesen-architektur\\\/naturschutzfachkraft\",\"image\":\"\"},{\"start\":\"00:01:56.000\",\"title\":\"Naturschutz und Bauingenieurwesen - wie passt das zusammen?\",\"href\":\"\",\"image\":\"\"},{\"start\":\"00:02:49.000\",\"title\":\"Beispiele f\\u00fcr Naturschutz auf Baustellen\",\"href\":\"\",\"image\":\"\"},{\"start\":\"00:04:09.000\",\"title\":\"Welche Themen werden im Lehrgang angesprochen?\",\"href\":\"\",\"image\":\"\"},{\"start\":\"00:06:14.000\",\"title\":\"Verbreitung von invasiven Arten\",\"href\":\"\",\"image\":\"\"},{\"start\":\"00:08:12.000\",\"title\":\"Lehre abseits des H\\u00f6rsaals\",\"href\":\"\",\"image\":\"\"},{\"start\":\"00:09:22.000\",\"title\":\"Wer kann am Lehrgang teilnehmen?\",\"href\":\"\",\"image\":\"\"},{\"start\":\"00:10:17.000\",\"title\":\"Welche beruflichen M\\u00f6glichkeiten haben die Absolvent*innen?\",\"href\":\"\",\"image\":\"\"},{\"start\":\"00:11:22.000\",\"title\":\"Module sind gut mit Berufst\\u00e4tigkeit vereinbar\",\"href\":\"\",\"image\":\"\"},{\"start\":\"00:11:50.000\",\"title\":\"Was Absolvent*innen machen\",\"href\":\"\",\"image\":\"\"},{\"start\":\"00:12:24.000\",\"title\":\"Wer sind die Lehrenden?\",\"href\":\"\",\"image\":\"\"},{\"start\":\"00:13:10.000\",\"title\":\"Forschung - Handbuch Naturschutzfachkraft\",\"href\":\"\",\"image\":\"\"},{\"start\":\"00:14:45.000\",\"title\":\"Warum ist Naturschutz auf der Baustelle wichtig? Was ist das Ziel\",\"href\":\"\",\"image\":\"\"},{\"start\":\"00:18:58.000\",\"title\":\"Neue Entwicklungen und Erkenntnisse aus dem Naturschutz im Lehrgang\",\"href\":\"\",\"image\":\"\"},{\"start\":\"00:19:54.000\",\"title\":\"Auszeichnung \\\"Goldene Unke\\\"\",\"href\":\"https:\\\/\\\/www.fh-kaernten.at\\\/weiterbildung\\\/bauingenieurwesen-architektur\\\/naturschutzfachkraft\\\/goldene-unke\",\"image\":\"\"},{\"start\":\"00:22:37.000\",\"title\":\"An wen wurde die Auszeichnung bereits vergeben?\",\"href\":\"\",\"image\":\"\"},{\"start\":\"00:24:15.000\",\"title\":\"Auszeichnung \\\"Goldene Unke 2024\\\" - Einrechungen sind ab dem Fr\\u00fchjahr 2024 m\\u00f6glich\",\"href\":\"\",\"image\":\"\"},{\"start\":\"00:25:16.000\",\"title\":\"Naturschutzfachkraft Lehrgangsstart 2024 - Bewerbungen bis Ende 2023 m\\u00f6glich\",\"href\":\"\",\"image\":\"\"},{\"start\":\"00:26:17.000\",\"title\":\"Internationale Vernetzung des Lehrgangs in Planung\",\"href\":\"\",\"image\":\"\"},{\"start\":\"00:26:46.000\",\"title\":\"Verabschiedung und Outro\",\"href\":\"\",\"image\":\"\"}],\"audio\":[{\"url\":\"https:\\\/\\\/podcast.fh-kaernten.at\\\/fhtalk\\\/podlove\\\/file\\\/62\\\/s\\\/webplayer\\\/c\\\/website\\\/\\\/FHT38_Naturschutzfachkraft.mp3\",\"size\":\"68804160\",\"title\":\"MP3 Audio (mp3)\",\"mimeType\":\"audio\\\/mpeg\"}],\"files\":[{\"url\":\"https:\\\/\\\/podcast.fh-kaernten.at\\\/fhtalk\\\/podlove\\\/file\\\/62\\\/s\\\/webplayer\\\/\\\/FHT38_Naturschutzfachkraft.mp3\",\"size\":\"68804160\",\"title\":\"MP3 Audio\",\"mimeType\":\"audio\\\/mpeg\"}]}}, {\"url\":\"https:\\\/\\\/podcast.fh-kaernten.at\\\/fhtalk\\\/wp-json\\\/podlove-web-player\\\/shortcode\\\/config\\\/default\\\/theme\\\/default\",\"data\":{\"activeTab\":\"chapters\",\"subscribe-button\":null,\"share\":{\"channels\":[\"facebook\",\"twitter\",\"whats-app\",\"linkedin\",\"pinterest\",\"xing\",\"mail\",\"link\"],\"outlet\":\"https:\\\/\\\/podcast.fh-kaernten.at\\\/fhtalk\\\/wp-content\\\/plugins\\\/podlove-web-player\\\/web-player\\\/share.html\",\"sharePlaytime\":true},\"related-episodes\":{\"source\":\"disabled\",\"value\":null},\"version\":5,\"theme\":{\"tokens\":{\"brand\":\"#E64415\",\"brandDark\":\"#235973\",\"brandDarkest\":\"#1A3A4A\",\"brandLightest\":\"#E9F1F5\",\"shadeDark\":\"#807E7C\",\"shadeBase\":\"#807E7C\",\"contrast\":\"#000\",\"alt\":\"#fff\"},\"fonts\":{\"ci\":{\"name\":\"ci\",\"family\":[\"-apple-system\",\"BlinkMacSystemFont\",\"Segoe UI\",\"Roboto\",\"Helvetica\",\"Arial\",\"sans-serif\",\"Apple Color Emoji\",\"Segoe UI Emoji\\\", \\\"Segoe UI Symbol\"],\"src\":[],\"weight\":800},\"regular\":{\"name\":\"regular\",\"family\":[\"-apple-system\",\"BlinkMacSystemFont\",\"Segoe UI\",\"Roboto\",\"Helvetica\",\"Arial\",\"sans-serif\",\"Apple Color Emoji\",\"Segoe UI Emoji\\\", \\\"Segoe UI Symbol\"],\"src\":[],\"weight\":300},\"bold\":{\"name\":\"bold\",\"family\":[\"-apple-system\",\"BlinkMacSystemFont\",\"Segoe UI\",\"Roboto\",\"Helvetica\",\"Arial\",\"sans-serif\",\"Apple Color Emoji\",\"Segoe UI Emoji\\\", \\\"Segoe UI Symbol\"],\"src\":[],\"weight\":700}}},\"base\":\"https:\\\/\\\/podcast.fh-kaernten.at\\\/fhtalk\\\/wp-content\\\/plugins\\\/podlove-web-player\\\/web-player\\\/\"}}]);\n                podlovePlayer(player, \"https:\/\/podcast.fh-kaernten.at\/fhtalk\/wp-json\/podlove-web-player\/shortcode\/publisher\/805\", \"https:\/\/podcast.fh-kaernten.at\/fhtalk\/wp-json\/podlove-web-player\/shortcode\/config\/default\/theme\/default\").then(function() {\n                  player && player.classList.remove(\"podlove-web-player-loading\");\n                });\n              });\n            <\/script>\n            <style>\n              .podlove-web-player.podlove-web-player-loading {\n                opacity: 0;\n              }\n            <\/style>\n        \n\t\n\t\t\n","protected":false},"author":11,"featured_media":804,"comment_status":"closed","ping_status":"open","template":"","meta":{"inline_featured_image":false,"footnotes":""},"tags":[],"class_list":["post-805","podcast","type-podcast","status-publish","has-post-thumbnail","hentry","post"],"yoast_head":"<!-- This site is optimized with the Yoast SEO plugin v27.4 - https:\/\/yoast.com\/product\/yoast-seo-wordpress\/ -->\n<title>Naturschutzfachkraft im Fokus<\/title>\n<meta name=\"description\" content=\"Naturschutzfachkraft ist ein berufsbegleitender Lehrgang an der FH K\u00e4rnten. Im Podcast geht Elisabeth Wiegele auf die spannenden Inhalte ein.\" \/>\n<meta name=\"robots\" content=\"index, follow, max-snippet:-1, max-image-preview:large, max-video-preview:-1\" \/>\n<link rel=\"canonical\" href=\"https:\/\/podcast.fh-kaernten.at\/fhtalk\/fht-40-warum-wir-naturschutzfachkraefte-brauchen\/\" \/>\n<meta property=\"og:locale\" content=\"de_DE\" \/>\n<meta property=\"og:type\" content=\"article\" \/>\n<meta property=\"og:title\" content=\"Naturschutzfachkraft im Fokus\" \/>\n<meta property=\"og:description\" content=\"Naturschutzfachkraft ist ein berufsbegleitender Lehrgang an der FH K\u00e4rnten. Im Podcast geht Elisabeth Wiegele auf die spannenden Inhalte ein.\" \/>\n<meta property=\"og:url\" content=\"https:\/\/podcast.fh-kaernten.at\/fhtalk\/fht-40-warum-wir-naturschutzfachkraefte-brauchen\/\" \/>\n<meta property=\"og:site_name\" content=\"fh talk\" \/>\n<meta property=\"article:modified_time\" content=\"2023-12-14T09:22:38+00:00\" \/>\n<meta property=\"og:image\" content=\"https:\/\/podcast.fh-kaernten.at\/fhtalk\/wp-content\/uploads\/sites\/2\/TBN_Naturschutzfachkraft.jpg\" \/>\n\t<meta property=\"og:image:width\" content=\"1080\" \/>\n\t<meta property=\"og:image:height\" content=\"1080\" \/>\n\t<meta property=\"og:image:type\" content=\"image\/jpeg\" \/>\n<meta name=\"twitter:card\" content=\"summary_large_image\" \/>\n<meta name=\"twitter:title\" content=\"Naturschutzfachkraft im Fokus\" \/>\n<meta name=\"twitter:description\" content=\"Naturschutzfachkraft ist ein berufsbegleitender Lehrgang an der FH K\u00e4rnten. Im Podcast geht Elisabeth Wiegele auf die spannenden Inhalte ein.\" \/>\n<meta name=\"twitter:image\" content=\"https:\/\/podcast.fh-kaernten.at\/fhtalk\/wp-content\/uploads\/sites\/2\/TBN_Naturschutzfachkraft.jpg\" \/>\n<meta name=\"twitter:label1\" content=\"Gesch\u00e4tzte Lesezeit\" \/>\n\t<meta name=\"twitter:data1\" content=\"1 Minute\" \/>\n<script type=\"application\/ld+json\" class=\"yoast-schema-graph\">{\"@context\":\"https:\\\/\\\/schema.org\",\"@graph\":[{\"@type\":\"WebPage\",\"@id\":\"https:\\\/\\\/podcast.fh-kaernten.at\\\/fhtalk\\\/fht-40-warum-wir-naturschutzfachkraefte-brauchen\\\/\",\"url\":\"https:\\\/\\\/podcast.fh-kaernten.at\\\/fhtalk\\\/fht-40-warum-wir-naturschutzfachkraefte-brauchen\\\/\",\"name\":\"Naturschutzfachkraft im Fokus\",\"isPartOf\":{\"@id\":\"https:\\\/\\\/podcast.fh-kaernten.at\\\/fhtalk\\\/#website\"},\"primaryImageOfPage\":{\"@id\":\"https:\\\/\\\/podcast.fh-kaernten.at\\\/fhtalk\\\/fht-40-warum-wir-naturschutzfachkraefte-brauchen\\\/#primaryimage\"},\"image\":{\"@id\":\"https:\\\/\\\/podcast.fh-kaernten.at\\\/fhtalk\\\/fht-40-warum-wir-naturschutzfachkraefte-brauchen\\\/#primaryimage\"},\"thumbnailUrl\":\"https:\\\/\\\/podcast.fh-kaernten.at\\\/fhtalk\\\/wp-content\\\/uploads\\\/sites\\\/2\\\/TBN_Naturschutzfachkraft.jpg\",\"datePublished\":\"2023-12-14T08:22:57+00:00\",\"dateModified\":\"2023-12-14T09:22:38+00:00\",\"description\":\"Naturschutzfachkraft ist ein berufsbegleitender Lehrgang an der FH K\u00e4rnten. Im Podcast geht Elisabeth Wiegele auf die spannenden Inhalte ein.\",\"breadcrumb\":{\"@id\":\"https:\\\/\\\/podcast.fh-kaernten.at\\\/fhtalk\\\/fht-40-warum-wir-naturschutzfachkraefte-brauchen\\\/#breadcrumb\"},\"inLanguage\":\"de-AT\",\"potentialAction\":[{\"@type\":\"ReadAction\",\"target\":[\"https:\\\/\\\/podcast.fh-kaernten.at\\\/fhtalk\\\/fht-40-warum-wir-naturschutzfachkraefte-brauchen\\\/\"]}]},{\"@type\":\"ImageObject\",\"inLanguage\":\"de-AT\",\"@id\":\"https:\\\/\\\/podcast.fh-kaernten.at\\\/fhtalk\\\/fht-40-warum-wir-naturschutzfachkraefte-brauchen\\\/#primaryimage\",\"url\":\"https:\\\/\\\/podcast.fh-kaernten.at\\\/fhtalk\\\/wp-content\\\/uploads\\\/sites\\\/2\\\/TBN_Naturschutzfachkraft.jpg\",\"contentUrl\":\"https:\\\/\\\/podcast.fh-kaernten.at\\\/fhtalk\\\/wp-content\\\/uploads\\\/sites\\\/2\\\/TBN_Naturschutzfachkraft.jpg\",\"width\":1080,\"height\":1080,\"caption\":\"Naturschutzfachkraft\"},{\"@type\":\"BreadcrumbList\",\"@id\":\"https:\\\/\\\/podcast.fh-kaernten.at\\\/fhtalk\\\/fht-40-warum-wir-naturschutzfachkraefte-brauchen\\\/#breadcrumb\",\"itemListElement\":[{\"@type\":\"ListItem\",\"position\":1,\"name\":\"Startseite\",\"item\":\"https:\\\/\\\/podcast.fh-kaernten.at\\\/fhtalk\\\/\"},{\"@type\":\"ListItem\",\"position\":2,\"name\":\"Episodes\",\"item\":\"https:\\\/\\\/podcast.fh-kaernten.at\\\/fhtalk\\\/podcast\\\/\"},{\"@type\":\"ListItem\",\"position\":3,\"name\":\"FHT 40 &#8211; Warum wir Naturschutzfachkr\u00e4fte brauchen\"}]},{\"@type\":\"WebSite\",\"@id\":\"https:\\\/\\\/podcast.fh-kaernten.at\\\/fhtalk\\\/#website\",\"url\":\"https:\\\/\\\/podcast.fh-kaernten.at\\\/fhtalk\\\/\",\"name\":\"fh talk\",\"description\":\"Ein Podcast der FH K\u00e4rnten\",\"publisher\":{\"@id\":\"https:\\\/\\\/podcast.fh-kaernten.at\\\/fhtalk\\\/#organization\"},\"potentialAction\":[{\"@type\":\"SearchAction\",\"target\":{\"@type\":\"EntryPoint\",\"urlTemplate\":\"https:\\\/\\\/podcast.fh-kaernten.at\\\/fhtalk\\\/?s={search_term_string}\"},\"query-input\":{\"@type\":\"PropertyValueSpecification\",\"valueRequired\":true,\"valueName\":\"search_term_string\"}}],\"inLanguage\":\"de-AT\"},{\"@type\":\"Organization\",\"@id\":\"https:\\\/\\\/podcast.fh-kaernten.at\\\/fhtalk\\\/#organization\",\"name\":\"fh talk\",\"url\":\"https:\\\/\\\/podcast.fh-kaernten.at\\\/fhtalk\\\/\",\"logo\":{\"@type\":\"ImageObject\",\"inLanguage\":\"de-AT\",\"@id\":\"https:\\\/\\\/podcast.fh-kaernten.at\\\/fhtalk\\\/#\\\/schema\\\/logo\\\/image\\\/\",\"url\":\"https:\\\/\\\/podcast.fh-kaernten.at\\\/fhtalk\\\/wp-content\\\/uploads\\\/sites\\\/2\\\/Element-28.png\",\"contentUrl\":\"https:\\\/\\\/podcast.fh-kaernten.at\\\/fhtalk\\\/wp-content\\\/uploads\\\/sites\\\/2\\\/Element-28.png\",\"width\":1500,\"height\":407,\"caption\":\"fh talk\"},\"image\":{\"@id\":\"https:\\\/\\\/podcast.fh-kaernten.at\\\/fhtalk\\\/#\\\/schema\\\/logo\\\/image\\\/\"}}]}<\/script>\n<!-- \/ Yoast SEO plugin. -->","yoast_head_json":{"title":"Naturschutzfachkraft im Fokus","description":"Naturschutzfachkraft ist ein berufsbegleitender Lehrgang an der FH K\u00e4rnten. Im Podcast geht Elisabeth Wiegele auf die spannenden Inhalte ein.","robots":{"index":"index","follow":"follow","max-snippet":"max-snippet:-1","max-image-preview":"max-image-preview:large","max-video-preview":"max-video-preview:-1"},"canonical":"https:\/\/podcast.fh-kaernten.at\/fhtalk\/fht-40-warum-wir-naturschutzfachkraefte-brauchen\/","og_locale":"de_DE","og_type":"article","og_title":"Naturschutzfachkraft im Fokus","og_description":"Naturschutzfachkraft ist ein berufsbegleitender Lehrgang an der FH K\u00e4rnten. Im Podcast geht Elisabeth Wiegele auf die spannenden Inhalte ein.","og_url":"https:\/\/podcast.fh-kaernten.at\/fhtalk\/fht-40-warum-wir-naturschutzfachkraefte-brauchen\/","og_site_name":"fh talk","article_modified_time":"2023-12-14T09:22:38+00:00","og_image":[{"width":1080,"height":1080,"url":"https:\/\/podcast.fh-kaernten.at\/fhtalk\/wp-content\/uploads\/sites\/2\/TBN_Naturschutzfachkraft.jpg","type":"image\/jpeg"}],"twitter_card":"summary_large_image","twitter_title":"Naturschutzfachkraft im Fokus","twitter_description":"Naturschutzfachkraft ist ein berufsbegleitender Lehrgang an der FH K\u00e4rnten. Im Podcast geht Elisabeth Wiegele auf die spannenden Inhalte ein.","twitter_image":"https:\/\/podcast.fh-kaernten.at\/fhtalk\/wp-content\/uploads\/sites\/2\/TBN_Naturschutzfachkraft.jpg","twitter_misc":{"Gesch\u00e4tzte Lesezeit":"1 Minute"},"schema":{"@context":"https:\/\/schema.org","@graph":[{"@type":"WebPage","@id":"https:\/\/podcast.fh-kaernten.at\/fhtalk\/fht-40-warum-wir-naturschutzfachkraefte-brauchen\/","url":"https:\/\/podcast.fh-kaernten.at\/fhtalk\/fht-40-warum-wir-naturschutzfachkraefte-brauchen\/","name":"Naturschutzfachkraft im Fokus","isPartOf":{"@id":"https:\/\/podcast.fh-kaernten.at\/fhtalk\/#website"},"primaryImageOfPage":{"@id":"https:\/\/podcast.fh-kaernten.at\/fhtalk\/fht-40-warum-wir-naturschutzfachkraefte-brauchen\/#primaryimage"},"image":{"@id":"https:\/\/podcast.fh-kaernten.at\/fhtalk\/fht-40-warum-wir-naturschutzfachkraefte-brauchen\/#primaryimage"},"thumbnailUrl":"https:\/\/podcast.fh-kaernten.at\/fhtalk\/wp-content\/uploads\/sites\/2\/TBN_Naturschutzfachkraft.jpg","datePublished":"2023-12-14T08:22:57+00:00","dateModified":"2023-12-14T09:22:38+00:00","description":"Naturschutzfachkraft ist ein berufsbegleitender Lehrgang an der FH K\u00e4rnten. Im Podcast geht Elisabeth Wiegele auf die spannenden Inhalte ein.","breadcrumb":{"@id":"https:\/\/podcast.fh-kaernten.at\/fhtalk\/fht-40-warum-wir-naturschutzfachkraefte-brauchen\/#breadcrumb"},"inLanguage":"de-AT","potentialAction":[{"@type":"ReadAction","target":["https:\/\/podcast.fh-kaernten.at\/fhtalk\/fht-40-warum-wir-naturschutzfachkraefte-brauchen\/"]}]},{"@type":"ImageObject","inLanguage":"de-AT","@id":"https:\/\/podcast.fh-kaernten.at\/fhtalk\/fht-40-warum-wir-naturschutzfachkraefte-brauchen\/#primaryimage","url":"https:\/\/podcast.fh-kaernten.at\/fhtalk\/wp-content\/uploads\/sites\/2\/TBN_Naturschutzfachkraft.jpg","contentUrl":"https:\/\/podcast.fh-kaernten.at\/fhtalk\/wp-content\/uploads\/sites\/2\/TBN_Naturschutzfachkraft.jpg","width":1080,"height":1080,"caption":"Naturschutzfachkraft"},{"@type":"BreadcrumbList","@id":"https:\/\/podcast.fh-kaernten.at\/fhtalk\/fht-40-warum-wir-naturschutzfachkraefte-brauchen\/#breadcrumb","itemListElement":[{"@type":"ListItem","position":1,"name":"Startseite","item":"https:\/\/podcast.fh-kaernten.at\/fhtalk\/"},{"@type":"ListItem","position":2,"name":"Episodes","item":"https:\/\/podcast.fh-kaernten.at\/fhtalk\/podcast\/"},{"@type":"ListItem","position":3,"name":"FHT 40 &#8211; Warum wir Naturschutzfachkr\u00e4fte brauchen"}]},{"@type":"WebSite","@id":"https:\/\/podcast.fh-kaernten.at\/fhtalk\/#website","url":"https:\/\/podcast.fh-kaernten.at\/fhtalk\/","name":"fh talk","description":"Ein Podcast der FH K\u00e4rnten","publisher":{"@id":"https:\/\/podcast.fh-kaernten.at\/fhtalk\/#organization"},"potentialAction":[{"@type":"SearchAction","target":{"@type":"EntryPoint","urlTemplate":"https:\/\/podcast.fh-kaernten.at\/fhtalk\/?s={search_term_string}"},"query-input":{"@type":"PropertyValueSpecification","valueRequired":true,"valueName":"search_term_string"}}],"inLanguage":"de-AT"},{"@type":"Organization","@id":"https:\/\/podcast.fh-kaernten.at\/fhtalk\/#organization","name":"fh talk","url":"https:\/\/podcast.fh-kaernten.at\/fhtalk\/","logo":{"@type":"ImageObject","inLanguage":"de-AT","@id":"https:\/\/podcast.fh-kaernten.at\/fhtalk\/#\/schema\/logo\/image\/","url":"https:\/\/podcast.fh-kaernten.at\/fhtalk\/wp-content\/uploads\/sites\/2\/Element-28.png","contentUrl":"https:\/\/podcast.fh-kaernten.at\/fhtalk\/wp-content\/uploads\/sites\/2\/Element-28.png","width":1500,"height":407,"caption":"fh talk"},"image":{"@id":"https:\/\/podcast.fh-kaernten.at\/fhtalk\/#\/schema\/logo\/image\/"}}]}},"_links":{"self":[{"href":"https:\/\/podcast.fh-kaernten.at\/fhtalk\/wp-json\/wp\/v2\/episodes\/805","targetHints":{"allow":["GET"]}}],"collection":[{"href":"https:\/\/podcast.fh-kaernten.at\/fhtalk\/wp-json\/wp\/v2\/episodes"}],"about":[{"href":"https:\/\/podcast.fh-kaernten.at\/fhtalk\/wp-json\/wp\/v2\/types\/podcast"}],"author":[{"embeddable":true,"href":"https:\/\/podcast.fh-kaernten.at\/fhtalk\/wp-json\/wp\/v2\/users\/11"}],"replies":[{"embeddable":true,"href":"https:\/\/podcast.fh-kaernten.at\/fhtalk\/wp-json\/wp\/v2\/comments?post=805"}],"version-history":[{"count":2,"href":"https:\/\/podcast.fh-kaernten.at\/fhtalk\/wp-json\/wp\/v2\/episodes\/805\/revisions"}],"predecessor-version":[{"id":808,"href":"https:\/\/podcast.fh-kaernten.at\/fhtalk\/wp-json\/wp\/v2\/episodes\/805\/revisions\/808"}],"wp:featuredmedia":[{"embeddable":true,"href":"https:\/\/podcast.fh-kaernten.at\/fhtalk\/wp-json\/wp\/v2\/media\/804"}],"wp:attachment":[{"href":"https:\/\/podcast.fh-kaernten.at\/fhtalk\/wp-json\/wp\/v2\/media?parent=805"}],"wp:term":[{"taxonomy":"post_tag","embeddable":true,"href":"https:\/\/podcast.fh-kaernten.at\/fhtalk\/wp-json\/wp\/v2\/tags?post=805"}],"curies":[{"name":"wp","href":"https:\/\/api.w.org\/{rel}","templated":true}]}}