{"id":796,"date":"2023-11-22T11:24:05","date_gmt":"2023-11-22T10:24:05","guid":{"rendered":"podlove-2023-11-22t09:06:42+00:00-0641267c65e6604"},"modified":"2023-11-22T11:40:36","modified_gmt":"2023-11-22T10:40:36","slug":"fht-39-hackathon-the-future-of-education","status":"publish","type":"podcast","link":"https:\/\/podcast.fh-kaernten.at\/fhtalk\/fht-39-hackathon-the-future-of-education\/","title":{"rendered":"FHT 39 &#8211; Hackathon &#8222;The Future of Education&#8220;"},"content":{"rendered":"\n<p>Hackathon an der FH K\u00e4rnten: Josef Anibas, Chief Digital Officer an der FH K\u00e4rnten und Thomas H\u00f6llweger, Business Development &amp; Digital Consultant und Hackathon-Experte, sprechen im Podcast \u00fcber den Hackathon der an der FH K\u00e4rnten stattgefunden hat. Bearbeitet wurden von Studierenden und Expert*innen die Themen Artificial Intelligence, Gamification und Digital Platform Ecosystems.<\/p>\n\n\t\t\n            <div class=\"podlove-web-player intrinsic-ignore podlove-web-player-loading\" id=\"player-69f5af940b8df\"><root data-test=\"player--xl\" style=\"max-width:950px;min-width:260px;\">\n  <div class=\"tablet:px-6 tablet:pt-6 mobile:px-4 mobile:pt-4 flex flex-col\">\n    <div class=\"flex-col items-center mobile:flex tablet:hidden\">\n      <show-title class=\"text-sm\"><\/show-title>\n      <episode-title class=\"text-base mb-2\"><\/episode-title>\n      <subscribe-button class=\"mb-4 mobile:flex tablet:hidden\"><\/subscribe-button>\n      <poster class=\"rounded-sm w-48 shadow overflow-hidden\"><\/poster>\n      <divider class=\"w-full my-6\"><\/divider>\n    <\/div>\n\n    <div class=\"tablet:flex flex-grow\">\n      <div class=\"w-64 mobile:hidden tablet:block tablet:mr-6\">\n        <poster class=\"rounded-sm shadow overflow-hidden\"><\/poster>\n      <\/div>\n      <div class=\"w-full\">\n        <div class=\"hidden tablet:block\">\n          <show-title class=\"text-base\"><\/show-title>\n          <episode-title class=\"text-xl desktop:text-2xl\"><\/episode-title>\n          <divider class=\"w-full my-4\"><\/divider>\n        <\/div>\n        <div class=\"flex items-center justify-between\">\n          <div class=\"block\">\n            <play-state on=\"active\">\n              <speed-control class=\"flex items-center\"><\/speed-control>\n            <\/play-state>\n          <\/div>\n\n          <div class=\"flex\">\n            <play-state on=\"active\">\n              <chapter-previous class=\"mx-2 block\"><\/chapter-previous>\n            <\/play-state>\n            <play-state on=\"active\">\n              <step-backward class=\"mx-2 block\"><\/step-backward>\n            <\/play-state>\n\n            <play-button class=\"mx-2 block\" :label=\"$t('PLAYER.PLAY_EPISODE')\"><\/play-button>\n\n            <play-state on=\"active\">\n              <step-forward class=\"mx-2 block\"><\/step-forward>\n            <\/play-state>\n            <play-state on=\"active\">\n              <chapter-next class=\"mx-2 block\"><\/chapter-next>\n            <\/play-state>\n          <\/div>\n\n          <div class=\"block\">\n            <play-state on=\"active\">\n              <volume-control class=\"flex items-center\"><\/volume-control>\n            <\/play-state>\n          <\/div>\n        <\/div>\n        <div class=\"flex w-full\">\n          <progress-bar><\/progress-bar>\n        <\/div>\n        <div class=\"flex w-full -mt-2\">\n          <div class=\"w-3\/12 text-left\">\n            <timer-current class=\"text-sm\"><\/timer-current>\n          <\/div>\n          <div class=\"w-6\/12 text-center truncate\">\n            <play-state on=\"active\">\n              <current-chapter class=\"text-sm\"><\/current-chapter>\n            <\/play-state>\n          <\/div>\n          <div class=\"w-3\/12 text-right\">\n            <timer-duration class=\"text-sm\"><\/timer-duration>\n          <\/div>\n        <\/div>\n      <\/div>\n    <\/div>\n    <divider class=\"w-full mt-6 mb-3\"><\/divider>\n    <div class=\"flex justify-between\">\n      <div class=\"flex mobile:w-full tablet:w-3\/12 desktop:w-3\/12 justify-between\">\n        <tab-trigger tab=\"chapters\">\n          <icon type=\"chapter\"><\/icon>\n        <\/tab-trigger>\n        <tab-trigger tab=\"transcripts\">\n          <icon type=\"transcripts\"><\/icon>\n        <\/tab-trigger>\n        <tab-trigger tab=\"files\">\n          <icon type=\"download\"><\/icon>\n        <\/tab-trigger>\n        <tab-trigger tab=\"playlist\">\n          <icon type=\"playlist\"><\/icon>\n        <\/tab-trigger>\n        <tab-trigger tab=\"share\">\n          <icon type=\"share\"><\/icon>\n        <\/tab-trigger>\n      <\/div>\n      <subscribe-button class=\"mt-1 mobile:hidden tablet:flex\"><\/subscribe-button>\n    <\/div>\n  <\/div>\n  <div class=\"w-full relative overflow-hidden\">\n    <tab name=\"chapters\">\n      <tab-chapters><\/tab-chapters>\n    <\/tab>\n    <tab name=\"transcripts\">\n      <tab-transcripts><\/tab-transcripts>\n    <\/tab>\n    <tab name=\"files\">\n      <tab-files><\/tab-files>\n    <\/tab>\n    <tab name=\"playlist\">\n      <tab-playlist><\/tab-playlist>\n    <\/tab>\n    <tab name=\"share\">\n      <tab-share><\/tab-share>\n    <\/tab>\n    <tab-overflow><\/tab-overflow>\n  <\/div>\n  <error><\/error>\n<\/root>\n<\/div>\n            <script>\n              document.addEventListener(\"DOMContentLoaded\", function() {\n                var player = document.getElementById(\"player-69f5af940b8df\");\n                podlovePlayerCache.add([{\"url\":\"https:\\\/\\\/podcast.fh-kaernten.at\\\/fhtalk\\\/wp-json\\\/podlove-web-player\\\/shortcode\\\/publisher\\\/796\",\"data\":{\"version\":5,\"show\":{\"title\":\"FH Talk\",\"subtitle\":\"Ein Podcast der FH K\\u00e4rnten\",\"summary\":\"In der Reihe \\u201eFH Talk\\u201c h\\u00f6ren Sie interessante Gespr\\u00e4che mit Mitarbeiter*innen der Fachhochschule K\\u00e4rnten, die einen breiten thematischen Bogen spannen und Einblicke in das Arbeitsleben an der FH geben - kompakt zusammengefasst in maximal 30 Minuten.\",\"poster\":\"https:\\\/\\\/podcast.fh-kaernten.at\\\/fhtalk\\\/podlove\\\/image\\\/68747470733a2f2f706f64636173742e66682d6b6165726e74656e2e61742f666874616c6b2f77702d636f6e74656e742f75706c6f6164732f73697465732f322f456c656d656e742d32372d312e706e67\\\/500\\\/0\\\/0\\\/fh-talk\",\"link\":\"https:\\\/\\\/podcast.fh-kaernten.at\\\/fhtalk\"},\"title\":\"FHT 39 - Hackathon \\\"The Future of Education\\\"\",\"subtitle\":\"\",\"summary\":\"Hackathon an der FH K\\u00e4rnten: Josef Anibas+Thomas H\\u00f6llweger sprechen \\u00fcber den Hacktahon bei dem Studierende und Expert*innen involviert waren.\",\"publicationDate\":\"2023-11-22T11:24:05+01:00\",\"duration\":\"00:21:56.930\",\"poster\":\"https:\\\/\\\/podcast.fh-kaernten.at\\\/fhtalk\\\/podlove\\\/image\\\/68747470733a2f2f706f64636173742e66682d6b6165726e74656e2e61742f666874616c6b2f77702d636f6e74656e742f75706c6f6164732f73697465732f322f506f64636173742d47726166696b2d4861636b6174686f6e2e6a7067\\\/500\\\/0\\\/0\\\/fht-39-hackathon-the-future-of-education\",\"link\":\"https:\\\/\\\/podcast.fh-kaernten.at\\\/fhtalk\\\/fht-39-hackathon-the-future-of-education\\\/\",\"chapters\":[{\"start\":\"00:00:45.000\",\"title\":\"Hackathon 2023 - The Future of Education\",\"href\":\"\",\"image\":\"\"},{\"start\":\"00:02:00.000\",\"title\":\"Rolle von Thomas H\\u00f6llweger beim Hackathon an der FH K\\u00e4rnten\",\"href\":\"\",\"image\":\"\"},{\"start\":\"00:03:00.000\",\"title\":\"Wer sind die Teilnehmer*innen\",\"href\":\"\",\"image\":\"\"},{\"start\":\"00:03:50.000\",\"title\":\"Themen des Hackathons\",\"href\":\"\",\"image\":\"\"},{\"start\":\"00:05:14.000\",\"title\":\"Wie funktioniert Gamification in der Bildung?\",\"href\":\"\",\"image\":\"\"},{\"start\":\"00:06:15.000\",\"title\":\"Chancen f\\u00fcr Bildung bezogen auf die Themen AI, Gamification, Digital Platform Ecosystems\",\"href\":\"\",\"image\":\"\"},{\"start\":\"00:07:14.000\",\"title\":\"Welche Methoden kommen zum Einsatz?\",\"href\":\"\",\"image\":\"\"},{\"start\":\"00:08:44.000\",\"title\":\"Welche Rolle nehmen die Studierenden w\\u00e4hrend des Hackathons ein?\",\"href\":\"\",\"image\":\"\"},{\"start\":\"00:11:09.000\",\"title\":\"Zusammenarbeit von Bildungseinrichtungen und Unternehmen als Chance\",\"href\":\"\",\"image\":\"\"},{\"start\":\"00:13:55.000\",\"title\":\"Werden Ideen sp\\u00e4ter in die Praxis umgesetzt?\",\"href\":\"\",\"image\":\"\"},{\"start\":\"00:16:06.000\",\"title\":\"Werden die Themen nach dem Hackathon weiter bearbeitet?\",\"href\":\"\",\"image\":\"\"},{\"start\":\"00:18:16.000\",\"title\":\"Wird es wieder einen Hackathon an der FH K\\u00e4rnten geben?\",\"href\":\"\",\"image\":\"\"},{\"start\":\"00:20:41.000\",\"title\":\"Verabschiedung und Outro\",\"href\":\"\",\"image\":\"\"}],\"audio\":[{\"url\":\"https:\\\/\\\/podcast.fh-kaernten.at\\\/fhtalk\\\/podlove\\\/file\\\/61\\\/s\\\/webplayer\\\/c\\\/website\\\/39-FH-Hackaton.mp3\",\"size\":\"31596594\",\"title\":\"MP3 Audio (mp3)\",\"mimeType\":\"audio\\\/mpeg\"}],\"files\":[{\"url\":\"https:\\\/\\\/podcast.fh-kaernten.at\\\/fhtalk\\\/podlove\\\/file\\\/61\\\/s\\\/webplayer\\\/39-FH-Hackaton.mp3\",\"size\":\"31596594\",\"title\":\"MP3 Audio\",\"mimeType\":\"audio\\\/mpeg\"}]}}, {\"url\":\"https:\\\/\\\/podcast.fh-kaernten.at\\\/fhtalk\\\/wp-json\\\/podlove-web-player\\\/shortcode\\\/config\\\/default\\\/theme\\\/default\",\"data\":{\"activeTab\":\"chapters\",\"subscribe-button\":null,\"share\":{\"channels\":[\"facebook\",\"twitter\",\"whats-app\",\"linkedin\",\"pinterest\",\"xing\",\"mail\",\"link\"],\"outlet\":\"https:\\\/\\\/podcast.fh-kaernten.at\\\/fhtalk\\\/wp-content\\\/plugins\\\/podlove-web-player\\\/web-player\\\/share.html\",\"sharePlaytime\":true},\"related-episodes\":{\"source\":\"disabled\",\"value\":null},\"version\":5,\"theme\":{\"tokens\":{\"brand\":\"#E64415\",\"brandDark\":\"#235973\",\"brandDarkest\":\"#1A3A4A\",\"brandLightest\":\"#E9F1F5\",\"shadeDark\":\"#807E7C\",\"shadeBase\":\"#807E7C\",\"contrast\":\"#000\",\"alt\":\"#fff\"},\"fonts\":{\"ci\":{\"name\":\"ci\",\"family\":[\"-apple-system\",\"BlinkMacSystemFont\",\"Segoe UI\",\"Roboto\",\"Helvetica\",\"Arial\",\"sans-serif\",\"Apple Color Emoji\",\"Segoe UI Emoji\\\", \\\"Segoe UI Symbol\"],\"src\":[],\"weight\":800},\"regular\":{\"name\":\"regular\",\"family\":[\"-apple-system\",\"BlinkMacSystemFont\",\"Segoe UI\",\"Roboto\",\"Helvetica\",\"Arial\",\"sans-serif\",\"Apple Color Emoji\",\"Segoe UI Emoji\\\", \\\"Segoe UI Symbol\"],\"src\":[],\"weight\":300},\"bold\":{\"name\":\"bold\",\"family\":[\"-apple-system\",\"BlinkMacSystemFont\",\"Segoe UI\",\"Roboto\",\"Helvetica\",\"Arial\",\"sans-serif\",\"Apple Color Emoji\",\"Segoe UI Emoji\\\", \\\"Segoe UI Symbol\"],\"src\":[],\"weight\":700}}},\"base\":\"https:\\\/\\\/podcast.fh-kaernten.at\\\/fhtalk\\\/wp-content\\\/plugins\\\/podlove-web-player\\\/web-player\\\/\"}}]);\n                podlovePlayer(player, \"https:\/\/podcast.fh-kaernten.at\/fhtalk\/wp-json\/podlove-web-player\/shortcode\/publisher\/796\", \"https:\/\/podcast.fh-kaernten.at\/fhtalk\/wp-json\/podlove-web-player\/shortcode\/config\/default\/theme\/default\").then(function() {\n                  player && player.classList.remove(\"podlove-web-player-loading\");\n                });\n              });\n            <\/script>\n            <style>\n              .podlove-web-player.podlove-web-player-loading {\n                opacity: 0;\n              }\n            <\/style>\n        \n\t\n\t\t\n","protected":false},"author":11,"featured_media":799,"comment_status":"closed","ping_status":"open","template":"","meta":{"inline_featured_image":false,"footnotes":""},"tags":[],"class_list":["post-796","podcast","type-podcast","status-publish","has-post-thumbnail","hentry","post"],"yoast_head":"<!-- This site is optimized with the Yoast SEO plugin v27.4 - https:\/\/yoast.com\/product\/yoast-seo-wordpress\/ -->\n<title>FHT 39 - Hackathon &quot;The Future of Education&quot; - fh talk<\/title>\n<meta name=\"description\" content=\"Hackathon an der FH K\u00e4rnten: Josef Anibas+Thomas H\u00f6llweger sprechen \u00fcber den Hacktahon bei dem Studierende und Expert*innen involviert waren.\" \/>\n<meta name=\"robots\" content=\"index, follow, max-snippet:-1, max-image-preview:large, max-video-preview:-1\" \/>\n<link rel=\"canonical\" href=\"https:\/\/podcast.fh-kaernten.at\/fhtalk\/fht-39-hackathon-the-future-of-education\/\" \/>\n<meta property=\"og:locale\" content=\"de_DE\" \/>\n<meta property=\"og:type\" content=\"article\" \/>\n<meta property=\"og:title\" content=\"FHT 39 - Hackathon &quot;The Future of Education&quot;\" \/>\n<meta property=\"og:description\" content=\"Hackathon an der FH K\u00e4rnten: Josef Anibas+Thomas H\u00f6llweger sprechen \u00fcber den Hacktahon bei dem Studierende und Expert*innen involviert waren.\" \/>\n<meta property=\"og:url\" content=\"https:\/\/podcast.fh-kaernten.at\/fhtalk\/fht-39-hackathon-the-future-of-education\/\" \/>\n<meta property=\"og:site_name\" content=\"fh talk\" \/>\n<meta property=\"article:modified_time\" content=\"2023-11-22T10:40:36+00:00\" \/>\n<meta property=\"og:image\" content=\"https:\/\/podcast.fh-kaernten.at\/fhtalk\/wp-content\/uploads\/sites\/2\/Podcast-Grafik-Hackathon.jpg\" \/>\n\t<meta property=\"og:image:width\" content=\"1080\" \/>\n\t<meta property=\"og:image:height\" content=\"1080\" \/>\n\t<meta property=\"og:image:type\" content=\"image\/jpeg\" \/>\n<meta name=\"twitter:card\" content=\"summary_large_image\" \/>\n<meta name=\"twitter:title\" content=\"FHT 39 - Hackathon &quot;The Future of Education&quot;\" \/>\n<meta name=\"twitter:description\" content=\"Hackathon an der FH K\u00e4rnten: Josef Anibas+Thomas H\u00f6llweger sprechen \u00fcber den Hacktahon bei dem Studierende und Expert*innen involviert waren.\" \/>\n<meta name=\"twitter:label1\" content=\"Gesch\u00e4tzte Lesezeit\" \/>\n\t<meta name=\"twitter:data1\" content=\"1 Minute\" \/>\n<script type=\"application\/ld+json\" class=\"yoast-schema-graph\">{\"@context\":\"https:\\\/\\\/schema.org\",\"@graph\":[{\"@type\":\"WebPage\",\"@id\":\"https:\\\/\\\/podcast.fh-kaernten.at\\\/fhtalk\\\/fht-39-hackathon-the-future-of-education\\\/\",\"url\":\"https:\\\/\\\/podcast.fh-kaernten.at\\\/fhtalk\\\/fht-39-hackathon-the-future-of-education\\\/\",\"name\":\"FHT 39 - Hackathon \\\"The Future of Education\\\" - fh talk\",\"isPartOf\":{\"@id\":\"https:\\\/\\\/podcast.fh-kaernten.at\\\/fhtalk\\\/#website\"},\"primaryImageOfPage\":{\"@id\":\"https:\\\/\\\/podcast.fh-kaernten.at\\\/fhtalk\\\/fht-39-hackathon-the-future-of-education\\\/#primaryimage\"},\"image\":{\"@id\":\"https:\\\/\\\/podcast.fh-kaernten.at\\\/fhtalk\\\/fht-39-hackathon-the-future-of-education\\\/#primaryimage\"},\"thumbnailUrl\":\"https:\\\/\\\/podcast.fh-kaernten.at\\\/fhtalk\\\/wp-content\\\/uploads\\\/sites\\\/2\\\/Podcast-Grafik-Hackathon.jpg\",\"datePublished\":\"2023-11-22T10:24:05+00:00\",\"dateModified\":\"2023-11-22T10:40:36+00:00\",\"description\":\"Hackathon an der FH K\u00e4rnten: Josef Anibas+Thomas H\u00f6llweger sprechen \u00fcber den Hacktahon bei dem Studierende und Expert*innen involviert waren.\",\"breadcrumb\":{\"@id\":\"https:\\\/\\\/podcast.fh-kaernten.at\\\/fhtalk\\\/fht-39-hackathon-the-future-of-education\\\/#breadcrumb\"},\"inLanguage\":\"de-AT\",\"potentialAction\":[{\"@type\":\"ReadAction\",\"target\":[\"https:\\\/\\\/podcast.fh-kaernten.at\\\/fhtalk\\\/fht-39-hackathon-the-future-of-education\\\/\"]}]},{\"@type\":\"ImageObject\",\"inLanguage\":\"de-AT\",\"@id\":\"https:\\\/\\\/podcast.fh-kaernten.at\\\/fhtalk\\\/fht-39-hackathon-the-future-of-education\\\/#primaryimage\",\"url\":\"https:\\\/\\\/podcast.fh-kaernten.at\\\/fhtalk\\\/wp-content\\\/uploads\\\/sites\\\/2\\\/Podcast-Grafik-Hackathon.jpg\",\"contentUrl\":\"https:\\\/\\\/podcast.fh-kaernten.at\\\/fhtalk\\\/wp-content\\\/uploads\\\/sites\\\/2\\\/Podcast-Grafik-Hackathon.jpg\",\"width\":1080,\"height\":1080,\"caption\":\"Hackathon\"},{\"@type\":\"BreadcrumbList\",\"@id\":\"https:\\\/\\\/podcast.fh-kaernten.at\\\/fhtalk\\\/fht-39-hackathon-the-future-of-education\\\/#breadcrumb\",\"itemListElement\":[{\"@type\":\"ListItem\",\"position\":1,\"name\":\"Startseite\",\"item\":\"https:\\\/\\\/podcast.fh-kaernten.at\\\/fhtalk\\\/\"},{\"@type\":\"ListItem\",\"position\":2,\"name\":\"Episodes\",\"item\":\"https:\\\/\\\/podcast.fh-kaernten.at\\\/fhtalk\\\/podcast\\\/\"},{\"@type\":\"ListItem\",\"position\":3,\"name\":\"FHT 39 &#8211; Hackathon &#8222;The Future of Education&#8220;\"}]},{\"@type\":\"WebSite\",\"@id\":\"https:\\\/\\\/podcast.fh-kaernten.at\\\/fhtalk\\\/#website\",\"url\":\"https:\\\/\\\/podcast.fh-kaernten.at\\\/fhtalk\\\/\",\"name\":\"fh talk\",\"description\":\"Ein Podcast der FH K\u00e4rnten\",\"publisher\":{\"@id\":\"https:\\\/\\\/podcast.fh-kaernten.at\\\/fhtalk\\\/#organization\"},\"potentialAction\":[{\"@type\":\"SearchAction\",\"target\":{\"@type\":\"EntryPoint\",\"urlTemplate\":\"https:\\\/\\\/podcast.fh-kaernten.at\\\/fhtalk\\\/?s={search_term_string}\"},\"query-input\":{\"@type\":\"PropertyValueSpecification\",\"valueRequired\":true,\"valueName\":\"search_term_string\"}}],\"inLanguage\":\"de-AT\"},{\"@type\":\"Organization\",\"@id\":\"https:\\\/\\\/podcast.fh-kaernten.at\\\/fhtalk\\\/#organization\",\"name\":\"fh talk\",\"url\":\"https:\\\/\\\/podcast.fh-kaernten.at\\\/fhtalk\\\/\",\"logo\":{\"@type\":\"ImageObject\",\"inLanguage\":\"de-AT\",\"@id\":\"https:\\\/\\\/podcast.fh-kaernten.at\\\/fhtalk\\\/#\\\/schema\\\/logo\\\/image\\\/\",\"url\":\"https:\\\/\\\/podcast.fh-kaernten.at\\\/fhtalk\\\/wp-content\\\/uploads\\\/sites\\\/2\\\/Element-28.png\",\"contentUrl\":\"https:\\\/\\\/podcast.fh-kaernten.at\\\/fhtalk\\\/wp-content\\\/uploads\\\/sites\\\/2\\\/Element-28.png\",\"width\":1500,\"height\":407,\"caption\":\"fh talk\"},\"image\":{\"@id\":\"https:\\\/\\\/podcast.fh-kaernten.at\\\/fhtalk\\\/#\\\/schema\\\/logo\\\/image\\\/\"}}]}<\/script>\n<!-- \/ Yoast SEO plugin. -->","yoast_head_json":{"title":"FHT 39 - Hackathon \"The Future of Education\" - fh talk","description":"Hackathon an der FH K\u00e4rnten: Josef Anibas+Thomas H\u00f6llweger sprechen \u00fcber den Hacktahon bei dem Studierende und Expert*innen involviert waren.","robots":{"index":"index","follow":"follow","max-snippet":"max-snippet:-1","max-image-preview":"max-image-preview:large","max-video-preview":"max-video-preview:-1"},"canonical":"https:\/\/podcast.fh-kaernten.at\/fhtalk\/fht-39-hackathon-the-future-of-education\/","og_locale":"de_DE","og_type":"article","og_title":"FHT 39 - Hackathon \"The Future of Education\"","og_description":"Hackathon an der FH K\u00e4rnten: Josef Anibas+Thomas H\u00f6llweger sprechen \u00fcber den Hacktahon bei dem Studierende und Expert*innen involviert waren.","og_url":"https:\/\/podcast.fh-kaernten.at\/fhtalk\/fht-39-hackathon-the-future-of-education\/","og_site_name":"fh talk","article_modified_time":"2023-11-22T10:40:36+00:00","og_image":[{"width":1080,"height":1080,"url":"https:\/\/podcast.fh-kaernten.at\/fhtalk\/wp-content\/uploads\/sites\/2\/Podcast-Grafik-Hackathon.jpg","type":"image\/jpeg"}],"twitter_card":"summary_large_image","twitter_title":"FHT 39 - Hackathon \"The Future of Education\"","twitter_description":"Hackathon an der FH K\u00e4rnten: Josef Anibas+Thomas H\u00f6llweger sprechen \u00fcber den Hacktahon bei dem Studierende und Expert*innen involviert waren.","twitter_misc":{"Gesch\u00e4tzte Lesezeit":"1 Minute"},"schema":{"@context":"https:\/\/schema.org","@graph":[{"@type":"WebPage","@id":"https:\/\/podcast.fh-kaernten.at\/fhtalk\/fht-39-hackathon-the-future-of-education\/","url":"https:\/\/podcast.fh-kaernten.at\/fhtalk\/fht-39-hackathon-the-future-of-education\/","name":"FHT 39 - Hackathon \"The Future of Education\" - fh talk","isPartOf":{"@id":"https:\/\/podcast.fh-kaernten.at\/fhtalk\/#website"},"primaryImageOfPage":{"@id":"https:\/\/podcast.fh-kaernten.at\/fhtalk\/fht-39-hackathon-the-future-of-education\/#primaryimage"},"image":{"@id":"https:\/\/podcast.fh-kaernten.at\/fhtalk\/fht-39-hackathon-the-future-of-education\/#primaryimage"},"thumbnailUrl":"https:\/\/podcast.fh-kaernten.at\/fhtalk\/wp-content\/uploads\/sites\/2\/Podcast-Grafik-Hackathon.jpg","datePublished":"2023-11-22T10:24:05+00:00","dateModified":"2023-11-22T10:40:36+00:00","description":"Hackathon an der FH K\u00e4rnten: Josef Anibas+Thomas H\u00f6llweger sprechen \u00fcber den Hacktahon bei dem Studierende und Expert*innen involviert waren.","breadcrumb":{"@id":"https:\/\/podcast.fh-kaernten.at\/fhtalk\/fht-39-hackathon-the-future-of-education\/#breadcrumb"},"inLanguage":"de-AT","potentialAction":[{"@type":"ReadAction","target":["https:\/\/podcast.fh-kaernten.at\/fhtalk\/fht-39-hackathon-the-future-of-education\/"]}]},{"@type":"ImageObject","inLanguage":"de-AT","@id":"https:\/\/podcast.fh-kaernten.at\/fhtalk\/fht-39-hackathon-the-future-of-education\/#primaryimage","url":"https:\/\/podcast.fh-kaernten.at\/fhtalk\/wp-content\/uploads\/sites\/2\/Podcast-Grafik-Hackathon.jpg","contentUrl":"https:\/\/podcast.fh-kaernten.at\/fhtalk\/wp-content\/uploads\/sites\/2\/Podcast-Grafik-Hackathon.jpg","width":1080,"height":1080,"caption":"Hackathon"},{"@type":"BreadcrumbList","@id":"https:\/\/podcast.fh-kaernten.at\/fhtalk\/fht-39-hackathon-the-future-of-education\/#breadcrumb","itemListElement":[{"@type":"ListItem","position":1,"name":"Startseite","item":"https:\/\/podcast.fh-kaernten.at\/fhtalk\/"},{"@type":"ListItem","position":2,"name":"Episodes","item":"https:\/\/podcast.fh-kaernten.at\/fhtalk\/podcast\/"},{"@type":"ListItem","position":3,"name":"FHT 39 &#8211; Hackathon &#8222;The Future of Education&#8220;"}]},{"@type":"WebSite","@id":"https:\/\/podcast.fh-kaernten.at\/fhtalk\/#website","url":"https:\/\/podcast.fh-kaernten.at\/fhtalk\/","name":"fh talk","description":"Ein Podcast der FH K\u00e4rnten","publisher":{"@id":"https:\/\/podcast.fh-kaernten.at\/fhtalk\/#organization"},"potentialAction":[{"@type":"SearchAction","target":{"@type":"EntryPoint","urlTemplate":"https:\/\/podcast.fh-kaernten.at\/fhtalk\/?s={search_term_string}"},"query-input":{"@type":"PropertyValueSpecification","valueRequired":true,"valueName":"search_term_string"}}],"inLanguage":"de-AT"},{"@type":"Organization","@id":"https:\/\/podcast.fh-kaernten.at\/fhtalk\/#organization","name":"fh talk","url":"https:\/\/podcast.fh-kaernten.at\/fhtalk\/","logo":{"@type":"ImageObject","inLanguage":"de-AT","@id":"https:\/\/podcast.fh-kaernten.at\/fhtalk\/#\/schema\/logo\/image\/","url":"https:\/\/podcast.fh-kaernten.at\/fhtalk\/wp-content\/uploads\/sites\/2\/Element-28.png","contentUrl":"https:\/\/podcast.fh-kaernten.at\/fhtalk\/wp-content\/uploads\/sites\/2\/Element-28.png","width":1500,"height":407,"caption":"fh talk"},"image":{"@id":"https:\/\/podcast.fh-kaernten.at\/fhtalk\/#\/schema\/logo\/image\/"}}]}},"_links":{"self":[{"href":"https:\/\/podcast.fh-kaernten.at\/fhtalk\/wp-json\/wp\/v2\/episodes\/796","targetHints":{"allow":["GET"]}}],"collection":[{"href":"https:\/\/podcast.fh-kaernten.at\/fhtalk\/wp-json\/wp\/v2\/episodes"}],"about":[{"href":"https:\/\/podcast.fh-kaernten.at\/fhtalk\/wp-json\/wp\/v2\/types\/podcast"}],"author":[{"embeddable":true,"href":"https:\/\/podcast.fh-kaernten.at\/fhtalk\/wp-json\/wp\/v2\/users\/11"}],"replies":[{"embeddable":true,"href":"https:\/\/podcast.fh-kaernten.at\/fhtalk\/wp-json\/wp\/v2\/comments?post=796"}],"version-history":[{"count":3,"href":"https:\/\/podcast.fh-kaernten.at\/fhtalk\/wp-json\/wp\/v2\/episodes\/796\/revisions"}],"predecessor-version":[{"id":800,"href":"https:\/\/podcast.fh-kaernten.at\/fhtalk\/wp-json\/wp\/v2\/episodes\/796\/revisions\/800"}],"wp:featuredmedia":[{"embeddable":true,"href":"https:\/\/podcast.fh-kaernten.at\/fhtalk\/wp-json\/wp\/v2\/media\/799"}],"wp:attachment":[{"href":"https:\/\/podcast.fh-kaernten.at\/fhtalk\/wp-json\/wp\/v2\/media?parent=796"}],"wp:term":[{"taxonomy":"post_tag","embeddable":true,"href":"https:\/\/podcast.fh-kaernten.at\/fhtalk\/wp-json\/wp\/v2\/tags?post=796"}],"curies":[{"name":"wp","href":"https:\/\/api.w.org\/{rel}","templated":true}]}}